{"id":5962,"date":"2023-11-08T10:44:00","date_gmt":"2023-11-08T09:44:00","guid":{"rendered":"https:\/\/www.esportec.cat\/escola-desqui-port-del-comte\/"},"modified":"2025-11-24T13:03:43","modified_gmt":"2025-11-24T12:03:43","slug":"ecole-de-ski-de-port-del-comte","status":"publish","type":"page","link":"https:\/\/www.esportec.cat\/fr\/ecole-de-ski-de-port-del-comte\/","title":{"rendered":"\u00c9cole de ski \u00e0 Port del Comte"},"content":{"rendered":"<div class=\"alignfull relative slider h-[600px]\">\n          <span class=\"z-10 prev ml-4 absolute top-0 bottom-0 my-auto cursor-pointer text-white w-8 h-8\" href=\"#\"><svg xmlns=\"http:\/\/www.w3.org\/2000\/svg\" fill=\"none\" viewBox=\"0 0 24 24\" stroke-width=\"2\" stroke=\"currentColor\" class=\"w-8 h-8\"><path stroke-linecap=\"round\" stroke-linejoin=\"round\" d=\"M15.75 19.5L8.25 12l7.5-7.5\" \/><\/svg><\/span>\n    \n    \n\n<div style=\"background-position: 50% 50%\" class=\"esportec-slide slide h-full w-full g-no-repeat bg-cover absolute hidde-slide transition ease-in duration-700\">\n    <div class=\"z-10 max-w-[1280px] absolute top-1\/2 -translate-y-1\/2 left-0 right-0 2xl:m-auto\">\n                    <div class=\"bg-black bg-opacity-50 text-center text-white py-7 px-9 rounded mx-[80px]\">\n                <h2 class=\"font-bold mb-3\">Cours et initiation au ski. <\/h2>\n                <div class=\"max-w-[850px] mx-auto\">Cours de ski et de surf des neiges pour tous les \u00e2ges, aussi bien pour les enfants que pour les adultes et pour tous les niveaux<\/div>\n            <\/div>\n                            <\/div>\n<\/div>\n\n\n\n<div style=\"background-position: 50% 50%\" class=\"esportec-slide slide h-full w-full g-no-repeat bg-cover absolute hidde-slide transition ease-in duration-700\">\n    <div class=\"z-10 max-w-[1280px] absolute top-1\/2 -translate-y-1\/2 left-0 right-0 2xl:m-auto\">\n                    <div class=\"bg-black bg-opacity-50 text-center text-white py-7 px-9 rounded mx-[80px]\">\n                <h2 class=\"font-bold mb-3\">Activit\u00e9s de neige<\/h2>\n                <div class=\"max-w-[850px] mx-auto\"> Nous proposons des activit\u00e9s de ski, de surf des neiges (snowboard), un jardin de neige, des raquettes \u00e0 neige&#8230;<\/div>\n            <\/div>\n                            <\/div>\n<\/div>\n\n\n\n<div style=\"background-position: 50% 50%\" class=\"esportec-slide slide h-full w-full g-no-repeat bg-cover absolute hidde-slide transition ease-in duration-700\">\n    <div class=\"z-10 max-w-[1280px] absolute top-1\/2 -translate-y-1\/2 left-0 right-0 2xl:m-auto\">\n                    <div class=\"bg-black bg-opacity-50 text-center text-white py-7 px-9 rounded mx-[80px]\">\n                <h2 class=\"font-bold mb-3\">Jardin de neige, cours hebdomadaires et forfaits Jeunes. <\/h2>\n                <div class=\"max-w-[850px] mx-auto\">Nous proposons une vari\u00e9t\u00e9 d\u2019activit\u00e9s adapt\u00e9es \u00e0 tous les types de clients et de propositions<\/div>\n            <\/div>\n                            <\/div>\n<\/div>\n\n\n            <span class=\"z-10 next mr-4 absolute top-0 bottom-0 right-0 my-auto cursor-pointer text-white w-8 h-8\" href=\"#\"><svg xmlns=\"http:\/\/www.w3.org\/2000\/svg\" fill=\"none\" viewBox=\"0 0 24 24\" stroke-width=\"2\" stroke=\"currentColor\" class=\"w-8 h-8\"><path stroke-linecap=\"round\" stroke-linejoin=\"round\" d=\"M8.25 4.5l7.5 7.5-7.5 7.5\" \/><\/svg><\/span>\n            <video class=\"z-0 object-none w-full h-[600px]\" width=\"100%\" height=\"240\" autoplay=\"autoplay\" loop=\"loop\" muted defaultMuted playsinline loop disablePictureInPicture>\n        <source src=\"https:\/\/www.esportec.cat\/wp-content\/uploads\/2024\/04\/PORT-DEL-COMTE.mp4\" type=\"video\/mp4\">\n        Your browser does not support the video tag.\n    <\/video>\n    <\/div>\n\n\n\n<div class=\"wp-block-group relative-wrapper alignfull has-background is-layout-constrained wp-block-group-is-layout-constrained\" style=\"background-color:#00b6ed\">\n<div style=\"height:20px\" aria-hidden=\"true\" class=\"wp-block-spacer\"><\/div>\n\n\n\n<div class=\"wp-block-columns alignwide is-layout-flex wp-container-core-columns-is-layout-9d6595d7 wp-block-columns-is-layout-flex\">\n<div class=\"wp-block-column is-layout-flow wp-block-column-is-layout-flow\">\n<h1 class=\"wp-block-heading has-text-align-left has-white-color has-text-color has-xxxl-font-size\">ESPORTEC &#8211; \u00c9cole de ski officielle de Port del Comte<\/h1>\n\n\n\n<div style=\"height:15px\" aria-hidden=\"true\" class=\"wp-block-spacer\"><\/div>\n\n\n\n<p class=\"has-text-align-left has-white-color has-text-color\"><strong>Depuis plus de 20 ans, nous partageons notre passion pour la neige \u00e0 la station de ski de Port del Comte.<\/strong> \u00c0 travers notre \u00e9cole officielle, l\u2019<strong>\u00c9cole de Ski Pr\u00e9-Pyr\u00e9n\u00e9es<\/strong>, nous proposons des <strong>cours particuliers et des stages de ski alpin et de snowboard<\/strong>, adapt\u00e9s \u00e0 tous les niveaux, avec des moniteurs qualifi\u00e9s et passionn\u00e9s.<\/p>\n\n\n\n<p class=\"has-white-color has-text-color\">Nous offrons \u00e9galement des services uniques tels que le <strong>dualski<\/strong> et la <strong>location de v\u00e9los de neige (snowbikes)<\/strong>, pour vivre des exp\u00e9riences diff\u00e9rentes et excitantes.<\/p>\n\n\n\n<p class=\"has-white-color has-text-color\"><strong>Venez profiter de l\u2019hiver avec toutes sortes d\u2019activit\u00e9s de neige \u00e0 Port del Comte :<\/strong> ski alpin, snowboard, cours de ski pour enfants, location de snowbikes, dualski\u2026 Nous avons des options con\u00e7ues pour tous les publics et tous les niveaux.<\/p>\n\n\n\n<p class=\"has-white-color has-text-color\">Nous sommes l\u2019une des <strong>\u00e9coles de ski officielles de Port del Comte<\/strong> et travaillons chaque jour pour vous offrir apprentissage, plaisir et s\u00e9curit\u00e9 sur la neige.<\/p>\n<\/div>\n<\/div>\n\n\n\n<div style=\"height:50px\" aria-hidden=\"true\" class=\"wp-block-spacer\"><\/div>\n<\/div>\n\n\n\n<div class=\"wp-block-group relative-wrapper alignfull has-background is-layout-constrained wp-block-group-is-layout-constrained\" style=\"background-color:#d7eefc\">\n<div style=\"height:20px\" aria-hidden=\"true\" class=\"wp-block-spacer\"><\/div>\n\n\n\n<div class=\"wp-block-columns alignwide is-layout-flex wp-container-core-columns-is-layout-9d6595d7 wp-block-columns-is-layout-flex\">\n<div class=\"wp-block-column is-layout-flow wp-block-column-is-layout-flow\">\n<h2 class=\"wp-block-heading has-text-align-left has-secondary-color has-text-color has-xxxl-font-size\">D\u00e9couvrez vos activit\u00e9s dans la neige<\/h2>\n\n\n\n<div style=\"height:25px\" aria-hidden=\"true\" class=\"wp-block-spacer\"><\/div>\n\n\n\n<div class=\"wp-block-query alignwide post-grid is-layout-constrained wp-block-query-is-layout-constrained\"><ul class=\"columns-2 alignwide wp-block-post-template is-layout-grid wp-container-core-post-template-is-layout-17361a50 wp-block-post-template-is-layout-grid\"><li class=\"wp-block-post post-6638 product type-product status-publish has-post-thumbnail product_place-port-del-comte-solsones product_season-ete product_season-hiver product_cat-aventure product_cat-en-famille product_cat-grups-fr product_cat-neige product_cat-teambuilding-fr product_tag-alberg-mirador-fr product_tag-port-del-comte-fr first outofstock shipping-taxable product-type-simple\">\n\n<div class=\"wp-block-columns is-layout-flex wp-container-core-columns-is-layout-9d6595d7 wp-block-columns-is-layout-flex\">\n<div class=\"wp-block-column is-layout-flow wp-block-column-is-layout-flow\" style=\"flex-basis:40%\"><figure style=\"aspect-ratio:1;\" class=\"wp-block-post-featured-image\"><a href=\"https:\/\/www.esportec.cat\/fr\/activitats\/auberge-port-del-comte\/\" target=\"_self\"  ><img loading=\"lazy\" decoding=\"async\" width=\"1080\" height=\"1080\" src=\"https:\/\/www.esportec.cat\/wp-content\/uploads\/2025\/09\/MINIATURA-ALBERG-A-LESTIU.jpg\" class=\"attachment-full size-full wp-post-image\" alt=\"L\u2019\u00e9t\u00e9 \u00e0 l\u2019Alberg Mirador \u00e0 Port del Comte\" style=\"width:100%;height:100%;object-fit:cover;\" srcset=\"https:\/\/www.esportec.cat\/wp-content\/uploads\/2025\/09\/MINIATURA-ALBERG-A-LESTIU.jpg 1080w, https:\/\/www.esportec.cat\/wp-content\/uploads\/2025\/09\/MINIATURA-ALBERG-A-LESTIU-600x600.jpg 600w, https:\/\/www.esportec.cat\/wp-content\/uploads\/2025\/09\/MINIATURA-ALBERG-A-LESTIU-1024x1024.jpg 1024w, https:\/\/www.esportec.cat\/wp-content\/uploads\/2025\/09\/MINIATURA-ALBERG-A-LESTIU-325x325.jpg 325w, https:\/\/www.esportec.cat\/wp-content\/uploads\/2025\/09\/MINIATURA-ALBERG-A-LESTIU-768x768.jpg 768w, https:\/\/www.esportec.cat\/wp-content\/uploads\/2025\/09\/MINIATURA-ALBERG-A-LESTIU-300x300.jpg 300w, https:\/\/www.esportec.cat\/wp-content\/uploads\/2025\/09\/MINIATURA-ALBERG-A-LESTIU-100x100.jpg 100w\" sizes=\"auto, (max-width: 1080px) 100vw, 1080px\" \/><\/a><\/figure><\/div>\n\n\n\n<div class=\"wp-block-column is-layout-flow wp-block-column-is-layout-flow\"><h3 class=\"lh-1-2 wp-block-post-title has-text-color has-secondary-color has-semiregular-font-size\"><a href=\"https:\/\/www.esportec.cat\/fr\/activitats\/auberge-port-del-comte\/\" target=\"_self\" >L\u2019\u00e9t\u00e9 \u00e0 l\u2019Alberg Mirador \u00e0 Port del Comte<\/a><\/h3>\n\n<div class=\"wp-block-post-terms has-small-font-size\"><span class=\"wp-block-post-terms__prefix\"><strong>Temporada:<\/strong> <\/span>\u00c9t\u00e9, Hiver<\/div><div class=\"wp-block-post-terms has-small-font-size\"><span class=\"wp-block-post-terms__prefix\"><strong>Tipus:<\/strong> <\/span>Aventure, En famille, Grups, Neige, Teambuilding<\/div><div class=\"wp-block-post-terms has-small-font-size\"><span class=\"wp-block-post-terms__prefix\"><strong>Lloc:<\/strong> <\/span>Port del Comte (Solson\u00e8s)<\/div>\n\n\n<div style=\"height:10px\" aria-hidden=\"true\" class=\"wp-block-spacer\"><\/div>\n\n\n\n<div class=\"wp-block-group has-small-font-size is-horizontal is-content-justification-left is-nowrap is-layout-flex wp-container-core-group-is-layout-e0598304 wp-block-group-is-layout-flex\" style=\"font-style:normal;font-weight:700\"><div data-block-name=\"woocommerce\/product-price\" data-is-descendent-of-query-loop=\"true\" class=\"wp-block-woocommerce-product-price\" ><div class=\"wc-block-components-product-price wc-block-grid__product-price\" >\n\t\t\t\t\t\n\t\t\t\t<\/div><\/div>\n\n\n<h5 class=\"wp-block-heading\" style=\"font-style:normal;font-weight:400\">par personne<\/h5>\n<\/div>\n\n\n\n<div style=\"height:15px\" aria-hidden=\"true\" class=\"wp-block-spacer\"><\/div>\n\n\n<div data-block-name=\"woocommerce\/product-button\" data-is-descendent-of-query-loop=\"true\" data-text-align=\"left\" class=\"wp-block-button wc-block-components-product-button add-to-cart  align-left add-to-cart wp-block-woocommerce-product-button\"\n\t\t\t\t\t\n\t\t\t\t\tdata-wp-context='{\"quantityToAdd\":1,\"productId\":6638,\"productType\":\"simple\",\"addToCartText\":\"Acheter\",\"tempQuantity\":0,\"animationStatus\":\"IDLE\",\"inTheCartText\":\"### dans le panier\",\"noticeId\":\"\",\"hasPressedButton\":false}'\n\t\t\t\t>\n\t\t\t\t\t<a\n\t\t\t\t\t\tclass=\"wp-block-button__link wp-element-button wc-block-components-product-button__button product_type_simple has-text-align-left wc-interactive\"\n\t\t\t\t\t\tstyle=\"\"\n\t\t\t\t\t\thref=\"https:\/\/www.esportec.cat\/fr\/activitats\/auberge-port-del-comte\/\" rel=\"nofollow\" data-product_id=\"6638\" data-product_sku=\"\" aria-label=\"En savoir plus sur &ldquo;L\u2019\u00e9t\u00e9 \u00e0 l\u2019Alberg Mirador \u00e0 Port del Comte&rdquo;\"\n\t\t\t\t\t\tdata-wp-on--click=\"woocommerce\/product-collection::actions.viewProduct\"\n\t\t\t\t\t>\n\t\t\t\t\t<span >Acheter<\/span>\n\t\t\t\t\t<\/a>\n\t\t\t\t\t\n\t\t\t\t<\/div><\/div>\n<\/div>\n\n\n\n<div style=\"height:25px\" aria-hidden=\"true\" class=\"wp-block-spacer\"><\/div>\n\n<\/li><li class=\"wp-block-post post-6456 product type-product status-publish has-post-thumbnail product_place-la-llosa-del-cavall-solsones product_place-la-molina product_place-la-mora-tarragones product_place-penedes product_place-port-del-comte-solsones product_place-sitges product_place-tamarit-tarragones product_place-tarragona product_season-automne product_season-ete product_season-hiver product_season-printemps product_cat-aventure product_cat-ecotours-fr product_cat-en-famille product_cat-grups-fr product_cat-mer product_cat-neige product_cat-teambuilding-fr product_tag-kayak-fr product_tag-paddle-surf-fr product_tag-xec-regal-fr  instock virtual purchasable product-type-gift-card\">\n\n<div class=\"wp-block-columns is-layout-flex wp-container-core-columns-is-layout-9d6595d7 wp-block-columns-is-layout-flex\">\n<div class=\"wp-block-column is-layout-flow wp-block-column-is-layout-flow\" style=\"flex-basis:40%\"><figure style=\"aspect-ratio:1;\" class=\"wp-block-post-featured-image\"><a href=\"https:\/\/www.esportec.cat\/fr\/activitats\/cheque-cadeau\/\" target=\"_self\"  ><img loading=\"lazy\" decoding=\"async\" width=\"614\" height=\"614\" src=\"https:\/\/www.esportec.cat\/wp-content\/uploads\/2010\/03\/xec-regal-1.png\" class=\"attachment-full size-full wp-post-image\" alt=\"Ch\u00e8que cadeau\" style=\"width:100%;height:100%;object-fit:cover;\" srcset=\"https:\/\/www.esportec.cat\/wp-content\/uploads\/2010\/03\/xec-regal-1.png 614w, https:\/\/www.esportec.cat\/wp-content\/uploads\/2010\/03\/xec-regal-1-600x600.png 600w, https:\/\/www.esportec.cat\/wp-content\/uploads\/2010\/03\/xec-regal-1-325x325.png 325w, https:\/\/www.esportec.cat\/wp-content\/uploads\/2010\/03\/xec-regal-1-300x300.png 300w, https:\/\/www.esportec.cat\/wp-content\/uploads\/2010\/03\/xec-regal-1-100x100.png 100w\" sizes=\"auto, (max-width: 614px) 100vw, 614px\" \/><\/a><\/figure><\/div>\n\n\n\n<div class=\"wp-block-column is-layout-flow wp-block-column-is-layout-flow\"><h3 class=\"lh-1-2 wp-block-post-title has-text-color has-secondary-color has-semiregular-font-size\"><a href=\"https:\/\/www.esportec.cat\/fr\/activitats\/cheque-cadeau\/\" target=\"_self\" >Ch\u00e8que cadeau<\/a><\/h3>\n\n<div class=\"wp-block-post-terms has-small-font-size\"><span class=\"wp-block-post-terms__prefix\"><strong>Temporada:<\/strong> <\/span>Automne, \u00c9t\u00e9, Hiver, Printemps<\/div><div class=\"wp-block-post-terms has-small-font-size\"><span class=\"wp-block-post-terms__prefix\"><strong>Tipus:<\/strong> <\/span>Aventure, Ecotours, En famille, Grups, Mer, Neige, Teambuilding<\/div><div class=\"wp-block-post-terms has-small-font-size\"><span class=\"wp-block-post-terms__prefix\"><strong>Lloc:<\/strong> <\/span>La Llosa del Cavall (Solson\u00e8s), La Molina, La Mora (Tarragon\u00e8s), Pened\u00e8s, Port del Comte (Solson\u00e8s), Sitges, Tamarit (Tarragon\u00e8s), Tarragona<\/div>\n\n\n<div style=\"height:10px\" aria-hidden=\"true\" class=\"wp-block-spacer\"><\/div>\n\n\n\n<div class=\"wp-block-group has-small-font-size is-horizontal is-content-justification-left is-nowrap is-layout-flex wp-container-core-group-is-layout-e0598304 wp-block-group-is-layout-flex\" style=\"font-style:normal;font-weight:700\"><div data-block-name=\"woocommerce\/product-price\" data-is-descendent-of-query-loop=\"true\" class=\"wp-block-woocommerce-product-price\" ><div class=\"wc-block-components-product-price wc-block-grid__product-price\" >\n\t\t\t\t\t\n\t\t\t\t<\/div><\/div>\n\n\n<h5 class=\"wp-block-heading\" style=\"font-style:normal;font-weight:400\">par personne<\/h5>\n<\/div>\n\n\n\n<div style=\"height:15px\" aria-hidden=\"true\" class=\"wp-block-spacer\"><\/div>\n\n\n<div data-block-name=\"woocommerce\/product-button\" data-is-descendent-of-query-loop=\"true\" data-text-align=\"left\" class=\"wp-block-button wc-block-components-product-button add-to-cart  align-left add-to-cart wp-block-woocommerce-product-button\"\n\t\t\t\t\t\n\t\t\t\t\tdata-wp-context='{\"quantityToAdd\":1,\"productId\":6456,\"productType\":\"gift-card\",\"addToCartText\":\"S\\u00e9lectionnez la quantit\\u00e9\",\"tempQuantity\":0,\"animationStatus\":\"IDLE\",\"inTheCartText\":\"### dans le panier\",\"noticeId\":\"\",\"hasPressedButton\":false}'\n\t\t\t\t>\n\t\t\t\t\t<a\n\t\t\t\t\t\tclass=\"wp-block-button__link wp-element-button wc-block-components-product-button__button add_to_cart_button product_type_gift-card has-text-align-left wc-interactive\"\n\t\t\t\t\t\tstyle=\"\"\n\t\t\t\t\t\thref=\"https:\/\/www.esportec.cat\/fr\/activitats\/cheque-cadeau\/\" rel=\"nofollow\" data-product_id=\"6456\" data-product_sku=\"\" aria-label=\"En savoir plus sur &ldquo;Ch\u00e8que cadeau&rdquo;\"\n\t\t\t\t\t\tdata-wp-on--click=\"woocommerce\/product-collection::actions.viewProduct\"\n\t\t\t\t\t>\n\t\t\t\t\t<span >S\u00e9lectionnez la quantit\u00e9<\/span>\n\t\t\t\t\t<\/a>\n\t\t\t\t\t\n\t\t\t\t<\/div><\/div>\n<\/div>\n\n\n\n<div style=\"height:25px\" aria-hidden=\"true\" class=\"wp-block-spacer\"><\/div>\n\n<\/li><\/ul><\/div>\n<\/div>\n<\/div>\n<\/div>\n\n\n\n<figure class=\"wp-block-gallery alignfull has-nested-images columns-4 is-cropped gap-0 gallery-hover wp-block-gallery-1 is-layout-flex wp-block-gallery-is-layout-flex\">\n<figure class=\"wp-block-image size-large\"><a href=\"https:\/\/www.esportec.cat\/wp-content\/uploads\/2023\/11\/cursets-esqui-iniciacio.jpg\"><img loading=\"lazy\" decoding=\"async\" width=\"1024\" height=\"682\" data-id=\"2943\" src=\"https:\/\/www.esportec.cat\/wp-content\/uploads\/2023\/11\/cursets-esqui-iniciacio-1024x682.jpg\" alt=\"\" class=\"wp-image-2943\" srcset=\"https:\/\/www.esportec.cat\/wp-content\/uploads\/2023\/11\/cursets-esqui-iniciacio-1024x682.jpg 1024w, https:\/\/www.esportec.cat\/wp-content\/uploads\/2023\/11\/cursets-esqui-iniciacio-300x200.jpg 300w, https:\/\/www.esportec.cat\/wp-content\/uploads\/2023\/11\/cursets-esqui-iniciacio-768x512.jpg 768w, https:\/\/www.esportec.cat\/wp-content\/uploads\/2023\/11\/cursets-esqui-iniciacio-1536x1023.jpg 1536w, https:\/\/www.esportec.cat\/wp-content\/uploads\/2023\/11\/cursets-esqui-iniciacio-600x400.jpg 600w, https:\/\/www.esportec.cat\/wp-content\/uploads\/2023\/11\/cursets-esqui-iniciacio.jpg 1600w\" sizes=\"auto, (max-width: 1024px) 100vw, 1024px\" \/><\/a><\/figure>\n\n\n\n<figure class=\"wp-block-image size-large\"><a href=\"https:\/\/www.esportec.cat\/wp-content\/uploads\/2023\/11\/esqui-de-muntanya.jpg\"><img loading=\"lazy\" decoding=\"async\" width=\"1024\" height=\"577\" data-id=\"2963\" src=\"https:\/\/www.esportec.cat\/wp-content\/uploads\/2023\/11\/esqui-de-muntanya-1024x577.jpg\" alt=\"\" class=\"wp-image-2963\" srcset=\"https:\/\/www.esportec.cat\/wp-content\/uploads\/2023\/11\/esqui-de-muntanya-1024x577.jpg 1024w, https:\/\/www.esportec.cat\/wp-content\/uploads\/2023\/11\/esqui-de-muntanya-300x169.jpg 300w, https:\/\/www.esportec.cat\/wp-content\/uploads\/2023\/11\/esqui-de-muntanya-768x433.jpg 768w, https:\/\/www.esportec.cat\/wp-content\/uploads\/2023\/11\/esqui-de-muntanya-1536x866.jpg 1536w, https:\/\/www.esportec.cat\/wp-content\/uploads\/2023\/11\/esqui-de-muntanya-600x338.jpg 600w, https:\/\/www.esportec.cat\/wp-content\/uploads\/2023\/11\/esqui-de-muntanya.jpg 1600w\" sizes=\"auto, (max-width: 1024px) 100vw, 1024px\" \/><\/a><\/figure>\n\n\n\n<figure class=\"wp-block-image size-large\"><a href=\"https:\/\/www.esportec.cat\/wp-content\/uploads\/2023\/11\/esqui-alpi-2.jpg\"><img loading=\"lazy\" decoding=\"async\" width=\"1024\" height=\"682\" data-id=\"2959\" src=\"https:\/\/www.esportec.cat\/wp-content\/uploads\/2023\/11\/esqui-alpi-2-1024x682.jpg\" alt=\"\" class=\"wp-image-2959\" srcset=\"https:\/\/www.esportec.cat\/wp-content\/uploads\/2023\/11\/esqui-alpi-2-1024x682.jpg 1024w, https:\/\/www.esportec.cat\/wp-content\/uploads\/2023\/11\/esqui-alpi-2-300x200.jpg 300w, https:\/\/www.esportec.cat\/wp-content\/uploads\/2023\/11\/esqui-alpi-2-768x512.jpg 768w, https:\/\/www.esportec.cat\/wp-content\/uploads\/2023\/11\/esqui-alpi-2-1536x1023.jpg 1536w, https:\/\/www.esportec.cat\/wp-content\/uploads\/2023\/11\/esqui-alpi-2-600x400.jpg 600w, https:\/\/www.esportec.cat\/wp-content\/uploads\/2023\/11\/esqui-alpi-2.jpg 1600w\" sizes=\"auto, (max-width: 1024px) 100vw, 1024px\" \/><\/a><\/figure>\n\n\n\n<figure class=\"wp-block-image size-large\"><a href=\"https:\/\/www.esportec.cat\/wp-content\/uploads\/2023\/11\/escola-esqui.jpg\"><img loading=\"lazy\" decoding=\"async\" width=\"1066\" height=\"599\" data-id=\"2976\" src=\"https:\/\/www.esportec.cat\/wp-content\/uploads\/2023\/11\/escola-esqui-edited.jpg\" alt=\"\" class=\"wp-image-2976\" srcset=\"https:\/\/www.esportec.cat\/wp-content\/uploads\/2023\/11\/escola-esqui-edited.jpg 1066w, https:\/\/www.esportec.cat\/wp-content\/uploads\/2023\/11\/escola-esqui-edited-300x169.jpg 300w, https:\/\/www.esportec.cat\/wp-content\/uploads\/2023\/11\/escola-esqui-edited-1024x575.jpg 1024w, https:\/\/www.esportec.cat\/wp-content\/uploads\/2023\/11\/escola-esqui-edited-768x432.jpg 768w, https:\/\/www.esportec.cat\/wp-content\/uploads\/2023\/11\/escola-esqui-edited-600x337.jpg 600w\" sizes=\"auto, (max-width: 1066px) 100vw, 1066px\" \/><\/a><\/figure>\n\n\n\n<figure class=\"wp-block-image size-large\"><a href=\"https:\/\/www.esportec.cat\/wp-content\/uploads\/2023\/11\/jardi-de-neu.jpg\"><img loading=\"lazy\" decoding=\"async\" width=\"1024\" height=\"682\" data-id=\"2949\" src=\"https:\/\/www.esportec.cat\/wp-content\/uploads\/2023\/11\/jardi-de-neu-1024x682.jpg\" alt=\"\" class=\"wp-image-2949\" srcset=\"https:\/\/www.esportec.cat\/wp-content\/uploads\/2023\/11\/jardi-de-neu-1024x682.jpg 1024w, https:\/\/www.esportec.cat\/wp-content\/uploads\/2023\/11\/jardi-de-neu-300x200.jpg 300w, https:\/\/www.esportec.cat\/wp-content\/uploads\/2023\/11\/jardi-de-neu-768x512.jpg 768w, https:\/\/www.esportec.cat\/wp-content\/uploads\/2023\/11\/jardi-de-neu-1536x1023.jpg 1536w, https:\/\/www.esportec.cat\/wp-content\/uploads\/2023\/11\/jardi-de-neu-600x400.jpg 600w, https:\/\/www.esportec.cat\/wp-content\/uploads\/2023\/11\/jardi-de-neu.jpg 1600w\" sizes=\"auto, (max-width: 1024px) 100vw, 1024px\" \/><\/a><\/figure>\n\n\n\n<figure class=\"wp-block-image size-large\"><a href=\"https:\/\/www.esportec.cat\/wp-content\/uploads\/2023\/11\/iniciacio-esqui-1.jpg\"><img loading=\"lazy\" decoding=\"async\" width=\"1024\" height=\"682\" data-id=\"2967\" src=\"https:\/\/www.esportec.cat\/wp-content\/uploads\/2023\/11\/iniciacio-esqui-1-1024x682.jpg\" alt=\"\" class=\"wp-image-2967\" srcset=\"https:\/\/www.esportec.cat\/wp-content\/uploads\/2023\/11\/iniciacio-esqui-1-1024x682.jpg 1024w, https:\/\/www.esportec.cat\/wp-content\/uploads\/2023\/11\/iniciacio-esqui-1-300x200.jpg 300w, https:\/\/www.esportec.cat\/wp-content\/uploads\/2023\/11\/iniciacio-esqui-1-768x512.jpg 768w, https:\/\/www.esportec.cat\/wp-content\/uploads\/2023\/11\/iniciacio-esqui-1-1536x1023.jpg 1536w, https:\/\/www.esportec.cat\/wp-content\/uploads\/2023\/11\/iniciacio-esqui-1-600x400.jpg 600w, https:\/\/www.esportec.cat\/wp-content\/uploads\/2023\/11\/iniciacio-esqui-1.jpg 1600w\" sizes=\"auto, (max-width: 1024px) 100vw, 1024px\" \/><\/a><\/figure>\n\n\n\n<figure class=\"wp-block-image size-large\"><a href=\"https:\/\/www.esportec.cat\/wp-content\/uploads\/2023\/11\/monitors-esqui-1.jpg\"><img loading=\"lazy\" decoding=\"async\" width=\"1024\" height=\"682\" data-id=\"2971\" src=\"https:\/\/www.esportec.cat\/wp-content\/uploads\/2023\/11\/monitors-esqui-1-1024x682.jpg\" alt=\"\" class=\"wp-image-2971\" srcset=\"https:\/\/www.esportec.cat\/wp-content\/uploads\/2023\/11\/monitors-esqui-1-1024x682.jpg 1024w, https:\/\/www.esportec.cat\/wp-content\/uploads\/2023\/11\/monitors-esqui-1-300x200.jpg 300w, https:\/\/www.esportec.cat\/wp-content\/uploads\/2023\/11\/monitors-esqui-1-768x512.jpg 768w, https:\/\/www.esportec.cat\/wp-content\/uploads\/2023\/11\/monitors-esqui-1-1536x1023.jpg 1536w, https:\/\/www.esportec.cat\/wp-content\/uploads\/2023\/11\/monitors-esqui-1-600x400.jpg 600w, https:\/\/www.esportec.cat\/wp-content\/uploads\/2023\/11\/monitors-esqui-1.jpg 1600w\" sizes=\"auto, (max-width: 1024px) 100vw, 1024px\" \/><\/a><\/figure>\n\n\n\n<figure class=\"wp-block-image size-large\"><a href=\"https:\/\/www.esportec.cat\/wp-content\/uploads\/2023\/11\/raquetes-de-neu-e1590095968328.jpg\"><img loading=\"lazy\" decoding=\"async\" width=\"1024\" height=\"684\" data-id=\"2941\" src=\"https:\/\/www.esportec.cat\/wp-content\/uploads\/2023\/11\/raquetes-de-neu-e1590095968328-1024x684.jpg\" alt=\"\" class=\"wp-image-2941\" srcset=\"https:\/\/www.esportec.cat\/wp-content\/uploads\/2023\/11\/raquetes-de-neu-e1590095968328-1024x684.jpg 1024w, https:\/\/www.esportec.cat\/wp-content\/uploads\/2023\/11\/raquetes-de-neu-e1590095968328-300x200.jpg 300w, https:\/\/www.esportec.cat\/wp-content\/uploads\/2023\/11\/raquetes-de-neu-e1590095968328-768x513.jpg 768w, https:\/\/www.esportec.cat\/wp-content\/uploads\/2023\/11\/raquetes-de-neu-e1590095968328-1536x1025.jpg 1536w, https:\/\/www.esportec.cat\/wp-content\/uploads\/2023\/11\/raquetes-de-neu-e1590095968328-600x401.jpg 600w, https:\/\/www.esportec.cat\/wp-content\/uploads\/2023\/11\/raquetes-de-neu-e1590095968328.jpg 1600w\" sizes=\"auto, (max-width: 1024px) 100vw, 1024px\" \/><\/a><\/figure>\n<\/figure>\n\n\n\n<div class=\"wp-block-group relative-wrapper alignfull has-white-background-color has-background is-layout-constrained wp-block-group-is-layout-constrained\">\n<div class=\"wp-block-columns alignwide is-layout-flex wp-container-core-columns-is-layout-9d6595d7 wp-block-columns-is-layout-flex\">\n<div class=\"wp-block-column has-background is-layout-flow wp-block-column-is-layout-flow\" style=\"background-color:#ffffffd4\">\n<h3 class=\"wp-block-heading has-text-align-left has-secondary-color has-text-color has-regular-font-size\">Port del Comte.<\/h3>\n\n\n\n<div style=\"height:15px\" aria-hidden=\"true\" class=\"wp-block-spacer\"><\/div>\n\n\n\n<p>Port del Comte, situ\u00e9e dans les Pr\u00e9-Pyr\u00e9n\u00e9es, est l<strong>a station de ski la plus au sud de la Catalogne.<\/strong> Elle s\u2019\u00e9tend sur 50 kilom\u00e8tres de pistes dans la partie la plus \u00e9lev\u00e9e de la r\u00e9gion de Solson\u00e8s. Vous pouvez y acc\u00e9der en seulement 2 heures de voiture depuis n\u2019importe quel point de la Catalogne.<br><br>Depuis 2009, nous proposons dans cette station de montagne nos <strong>cours et stages de ski et de snowboard pour les particuliers et les groupes.<\/strong> Nous disposons de notre propre h\u00e9bergement, l\u2019Alberg el Mirador de Port del Comte, situ\u00e9 dans le m\u00eame complexe de la station. Dans ce merveilleux coin des Pr\u00e9-Pyr\u00e9n\u00e9es catalanes, nous proposons \u00e9galement le <strong>dualski,<\/strong> une forme de ski adapt\u00e9e aux personnes en situation de handicap.<br><br>\u00c0 l\u2019<strong>\u00e9cole de ski Prepirineu<\/strong>, nous offrons des <strong>le\u00e7ons particuli\u00e8res pour 1 \u00e0 4 personnes.<\/strong> Ces cours s\u2019adressent aux d\u00e9butants, aux skieurs de niveau interm\u00e9diaire et m\u00eame aux skieurs avanc\u00e9s.<br><br>En ce qui concerne les <strong>cours<\/strong>, En ce qui concerne les cours, nous proposons des formats sur des week-ends cons\u00e9cutifs, 4 jours cons\u00e9cutifs \u00e0 No\u00ebl ou \u00e0 l\u2019\u00c9piphanie, ou bien \u00e0 des dates libres tout au long de la saison. Les \u00e9l\u00e8ves sont regroup\u00e9s en petits groupes de 4 \u00e0 7 skieurs, favorisant ainsi l\u2019apprentissage.<br><br>La station de ski de Port del Comte dispose d\u2019une <strong>vaste zone pour d\u00e9butants<\/strong>, adapt\u00e9e \u00e0 tous les types de skieurs, qu\u2019ils soient d\u00e9butants ou interm\u00e9diaires. Elle est \u00e9quip\u00e9e de 2 tapis roulants et de 4 t\u00e9l\u00e9skis, permettant \u00e0 chacun de profiter du ski sous la supervision des professionnels de l\u2019\u00e9cole de ski Prepirineu.<\/p>\n\n\n\n<div style=\"height:25px\" aria-hidden=\"true\" class=\"wp-block-spacer\"><\/div>\n<\/div>\n\n\n\n<div class=\"wp-block-column padding-10 has-background is-layout-flow wp-block-column-is-layout-flow\" style=\"background-color:#ffffffd4;flex-basis:50%\">\n<figure class=\"wp-block-image aligncenter size-full is-resized\"><img loading=\"lazy\" decoding=\"async\" width=\"512\" height=\"340\" src=\"https:\/\/www.esportec.cat\/wp-content\/uploads\/2023\/11\/escola-esqui-prepirineu-port-del-comte.jpg\" alt=\"\" class=\"wp-image-2998\" style=\"width:640px;height:auto\" srcset=\"https:\/\/www.esportec.cat\/wp-content\/uploads\/2023\/11\/escola-esqui-prepirineu-port-del-comte.jpg 512w, https:\/\/www.esportec.cat\/wp-content\/uploads\/2023\/11\/escola-esqui-prepirineu-port-del-comte-300x199.jpg 300w\" sizes=\"auto, (max-width: 512px) 100vw, 512px\" \/><\/figure>\n\n\n\n<p>Estaci\u00f3 d&rsquo;esqu\u00ed Port del Comte, Carr. a Pistes, s\/n, 25284 Port del Comte, Lleida<\/p>\n\n\n\n<p class=\"has-text-align-left\">Nous ouvrons selon le calendrier de la station de ski.<br><br>Escola d&rsquo;esqu\u00ed Prepirineu : Cours particuliers et cours d&rsquo;un ou plusieurs jours de ski alpin et snowboard, b\u00e9bergement au pied des pistes (ski-in\/ski-out), cours de dualski et location de snowbike. Tous les services en un seul endroit. Guid\u00e9 par le meilleur personnel technique sportif qualifi\u00e9.<\/p>\n\n\n\n<div class=\"wp-block-buttons is-content-justification-left is-layout-flex wp-container-core-buttons-is-layout-fdcfc74e wp-block-buttons-is-layout-flex\">\n<div class=\"wp-block-button is-style-fill btn-primary01\"><a class=\"wp-block-button__link has-primary-background-color has-background has-text-align-left wp-element-button\" href=\"http:\/\/www.escolaesquiprepirineu.cat\/\" target=\"_blank\" rel=\"noreferrer noopener\">+Info<\/a><\/div>\n<\/div>\n\n\n\n<div style=\"height:13px\" aria-hidden=\"true\" class=\"wp-block-spacer\"><\/div>\n\n\n\n<p class=\"has-text-align-left\">650 051 630<br>escola@escolaesquiprepirineu.cat<\/p>\n<\/div>\n<\/div>\n<\/div>\n\n\n\n<div class=\"wp-block-group alignfull is-layout-constrained wp-block-group-is-layout-constrained\">\t\t<div\n            id=\"wpmapblock_1e78ad01\"\n            data-settings='{&quot;map_marker&quot;:[{&quot;lat&quot;:&quot;42.1727204&quot;,&quot;lng&quot;:&quot;1.557746&quot;,&quot;title&quot;:&quot;Port del Comte&quot;,&quot;content&quot;:&quot;650 051 630 escola@escolaesquiprepirineu.cat&quot;,&quot;iconType&quot;:&quot;custom&quot;,&quot;customIconUrl&quot;:&quot;https:\\\/\\\/www.esportec.cat\\\/wp-content\\\/uploads\\\/2023\\\/10\\\/map-pin01.png&quot;,&quot;customIconWidth&quot;:&quot;30&quot;,&quot;customIconHeight&quot;:&quot;43&quot;}],&quot;map_zoom&quot;:&quot;9&quot;,&quot;scroll_wheel_zoom&quot;:false,&quot;map_type&quot;:&quot;GM&quot;,&quot;center_index&quot;:0}'\n            class=\"wpmapblockrender\"\n            style=\"\n\t\t\twidth: 100%;\n\t\t\theight: 500px;\n\t\t\"\n            >\n        <\/div>\n        <\/div>\n\n\n\n<p><\/p>\n","protected":false},"excerpt":{"rendered":"<p>Offrez des exp\u00e9riences sportives en plein air, offrez de l\u2019aventure !<br \/>\n&nbsp;<\/p>\n<p>L\u2019option du ch\u00e8que-cadeau &#8230;<\/p>\n","protected":false},"author":1,"featured_media":0,"parent":0,"menu_order":0,"comment_status":"closed","ping_status":"closed","template":"","meta":{"_acf_changed":false,"footnotes":""},"class_list":["post-5962","page","type-page","status-publish","hentry"],"acf":[],"_links":{"self":[{"href":"https:\/\/www.esportec.cat\/fr\/wp-json\/wp\/v2\/pages\/5962","targetHints":{"allow":["GET"]}}],"collection":[{"href":"https:\/\/www.esportec.cat\/fr\/wp-json\/wp\/v2\/pages"}],"about":[{"href":"https:\/\/www.esportec.cat\/fr\/wp-json\/wp\/v2\/types\/page"}],"author":[{"embeddable":true,"href":"https:\/\/www.esportec.cat\/fr\/wp-json\/wp\/v2\/users\/1"}],"replies":[{"embeddable":true,"href":"https:\/\/www.esportec.cat\/fr\/wp-json\/wp\/v2\/comments?post=5962"}],"version-history":[{"count":8,"href":"https:\/\/www.esportec.cat\/fr\/wp-json\/wp\/v2\/pages\/5962\/revisions"}],"predecessor-version":[{"id":14817,"href":"https:\/\/www.esportec.cat\/fr\/wp-json\/wp\/v2\/pages\/5962\/revisions\/14817"}],"wp:attachment":[{"href":"https:\/\/www.esportec.cat\/fr\/wp-json\/wp\/v2\/media?parent=5962"}],"curies":[{"name":"wp","href":"https:\/\/api.w.org\/{rel}","templated":true}]}}